{"id":5805,"date":"2024-10-15T13:59:23","date_gmt":"2024-10-15T11:59:23","guid":{"rendered":"http:\/\/17.jugendfilmtage.ch\/fr\/?page_id=5805"},"modified":"2026-02-12T17:46:30","modified_gmt":"2026-02-12T16:46:30","slug":"programmes-de-films","status":"publish","type":"page","link":"https:\/\/jugendfilmtage.ch\/fr\/le-festival\/programmes-de-films\/","title":{"rendered":"Programmes de films"},"content":{"rendered":"\n<figure class=\"wp-block-image size-full\"><img loading=\"lazy\" decoding=\"async\" width=\"2560\" height=\"2558\" src=\"https:\/\/jugendfilmtage.ch\/wp-content\/uploads\/2024\/06\/DSC_0086-edited-scaled.jpg\" alt=\"Festival Cin\u00e9 Jeunesse Suisse Archiv-Screening\" class=\"wp-image-26053\" srcset=\"https:\/\/jugendfilmtage.ch\/wp-content\/uploads\/2024\/06\/DSC_0086-edited-scaled.jpg 2560w, https:\/\/jugendfilmtage.ch\/wp-content\/uploads\/2024\/06\/DSC_0086-edited-300x300.jpg 300w, https:\/\/jugendfilmtage.ch\/wp-content\/uploads\/2024\/06\/DSC_0086-edited-880x879.jpg 880w, https:\/\/jugendfilmtage.ch\/wp-content\/uploads\/2024\/06\/DSC_0086-edited-768x768.jpg 768w, https:\/\/jugendfilmtage.ch\/wp-content\/uploads\/2024\/06\/DSC_0086-edited-1536x1536.jpg 1536w\" sizes=\"auto, (max-width: 2560px) 100vw, 2560px\" \/><\/figure>\n\n\n\n<h1 class=\"wp-block-heading\">Programmes de films<\/h1>\n\n\n\n<p>Tu trouveras ici un aper\u00e7u de tous les programmes de films du Festival Cin\u00e9 Jeunesse. <\/p>\n\n\n\n<h2 class=\"wp-block-heading\">Le concours de courts-m\u00e9trages<\/h2>\n\n\n\n<p>Au c\u0153ur du festival se trouve le concours de courts-m\u00e9trages. Dans cinq cat\u00e9gories, des films d&rsquo;\u00e9coles et de centres de jeunes, des productions ind\u00e9pendantes et des films \u00e9tudiant\u00b7e\u00b7s en cin\u00e9ma seront en comp\u00e9tition. <\/p>\n\n\n\n<h2 class=\"wp-block-heading\">Focus sur un pays <\/h2>\n\n\n\n<p>Depuis 2014, notre programme Focus fait la part belle aux talents de la rel\u00e8ve en provenance d\u2019un pays invit\u00e9. Ce faisant, nous collaborons avec des festivals de cin\u00e9ma de renom. Cette ann\u00e9e les deux programmes nous offrent des aper\u00e7us passionnants des cin\u00e9astes de la rel\u00e8ve du Canada.<\/p>\n\n\n\n<p>Pour l\u2019organisation de l\u2019\u00e9dition actuelle de Focus, nous souhaitons tout particuli\u00e8rement remercier Chris Robinson de l\u2019Ottawa International Animation Festival et Ikoro Sekai du Toronto International Film Festival. \u00c0 l\u2019instar du Festival Cin\u00e9 Jeunesse Suisse, ces deux manifestations ont \u00e9t\u00e9 fond\u00e9es en 1976. Nous profitons de cet anniversaire commun pour partir \u00e0 la d\u00e9couverte du cin\u00e9ma canadien dans toute sa diversit\u00e9. Nous nous r\u00e9jouissons en outre de nous pencher de tr\u00e8s pr\u00e8s sur l\u2019activit\u00e9 cin\u00e9matographique dans le domaine de l\u2019animation.<\/p>\n\n\n\n<details class=\"wp-block-details is-layout-flow wp-block-details-is-layout-flow\"><summary>R\u00e9gions invit\u00e9es jusqu&rsquo;\u00e0 pr\u00e9sent <\/summary>\n<ul class=\"wp-block-list\">\n<li>2025: Japon en collaboration avec Pia Film Festival &amp; Short Shorts Film Festival &amp; Asi<\/li>\n\n\n\n<li>2024: Irlande en collaboration avec Fresh Film Festival &amp; Dublin International Film Festival<\/li>\n\n\n\n<li>2023 : Gr\u00e8ce en collaboration avec Camera Zizanio &amp;&nbsp;&nbsp;Drama International Short Film Festival<\/li>\n\n\n\n<li>2022 : La Mer Baltique en collaboration avec  FiSH \u2013 Filmfestival im StadtHafen &amp;&nbsp;&nbsp;Nordische Filmtage L\u00fcbeck<\/li>\n\n\n\n<li>2021 : Mexique en collaboration avec DocsMX &amp;&nbsp;&nbsp;Guanajuato International Film Festival<\/li>\n\n\n\n<li>2020 : Mexique (pr\u00e9vu mais pas r\u00e9alis\u00e9 \u00e0 cause de Corona)<\/li>\n\n\n\n<li>2019 : Ukraine en collaboration avec Kyiv International Short Film Festival &amp;&nbsp;&nbsp;Molodist \u2013 Kyiv International Film Festival<\/li>\n\n\n\n<li>2018 : Norv\u00e8ge en collaboration avec Nordic Youth Film Festival NUFF &amp; Minimalen Short Film Festival<\/li>\n\n\n\n<li>2017 : Kosovo en collaboration avec DokuFest<\/li>\n\n\n\n<li>2016 : La Suisse romande en collaboration avec Festival Cin\u00e9ma Jeune Public Lausanne <\/li>\n\n\n\n<li>2015 : Cor\u00e9e en collaboration avec Seoul International Youth Film Festival<\/li>\n\n\n\n<li>2014 : Turquie en collaboration avec Teen International Short Film Festival<\/li>\n<\/ul>\n<\/details>\n\n\n\n<h2 class=\"wp-block-heading\">Newcomers Worldwide<\/h2>\n\n\n\n<p>Les films de ce programme sont r\u00e9alis\u00e9s par les participant\u00b7e\u00b7s du <a href=\"https:\/\/jugendfilmtage.ch\/fr\/le-festival\/programme-cadre\/talent-camp\/\">Talent Camp<\/a>. Ce groupe de vingt jeunes cin\u00e9astes et cin\u00e9philes aura la possibilit\u00e9 de visiter notre festival, de participer \u00e0 des masterclasses et de pr\u00e9senter un film qui sera projet\u00e9 pendant le Festival Cin\u00e9 Jeunesse Suisse. \u00c0 cette occasion, nous pr\u00e9senterons des films venus de toute l&rsquo;Europe et inviterons tous les cin\u00e9astes \u00e0 une s\u00e9ance de questions-r\u00e9ponses.<\/p>\n\n\n\n<h2 class=\"wp-block-heading\">Fokus Films in Progress<\/h2>\n\n\n\n<p>Plonge dans l\u2019univers de jeunes projets de films ! Lors de\u00a0<em>Focus<\/em> <em>Films in Progress<\/em>, de jeunes cin\u00e9astes pr\u00e9sentent leurs \u0153uvres en cours et re\u00e7oivent un feedback en direct de professionnel\u00b7le\u00b7s \u2014 le public est invit\u00e9 \u00e0 participer et \u00e9changer. D\u00e9couvre comment les id\u00e9es prennent forme lors d\u2019un apr\u00e8s-midi inspirant d\u00e9di\u00e9 au cin\u00e9ma \u00e9mergent.<\/p>\n\n\n\n<h2 class=\"wp-block-heading\">Archive Screening<\/h2>\n\n\n\n<p>Ici, tu as l&rsquo;occasion de d\u00e9couvrir des films de nos archives dans des lieux particuliers, en lien avec le th\u00e8me du programme de films.<\/p>\n\n\n\n<details class=\"wp-block-details is-layout-flow wp-block-details-is-layout-flow\"><summary>Programmes jusqu&rsquo;\u00e0 pr\u00e9sent<\/summary>\n<ul class=\"wp-block-list\">\n<li>2024 : \u00ab Come and Sea \u00bb &#8211; programme de films projet\u00e9s au Loop \u00e0 Planet5 en collaboration avec Resonance Jams<\/li>\n\n\n\n<li>2023 : \u00ab W\u00f6schi Tunes and Frames \u00bb &#8211; Vid\u00e9os musicales \u00e0 Zentralw\u00e4scherei, suivies d&rsquo;un concert du groupe Demol\u00fcx.<\/li>\n\n\n\n<li>2022 : \u00ab Wild Places : von Planzen, Bergen und Betonw\u00e4ldern \u00bb- projection open air \u00e0 Wilden Platz.<\/li>\n<\/ul>\n<\/details>\n\n\n\n<p><\/p>\n","protected":false},"excerpt":{"rendered":"<p>Programmes de films Tu trouveras ici un aper\u00e7u de tous les programmes de films du Festival Cin\u00e9 Jeunesse. Le concours de courts-m\u00e9trages Au c\u0153ur du festival se trouve le concours de courts-m\u00e9trages. Dans cinq cat\u00e9gories, des films d&rsquo;\u00e9coles et de centres de jeunes, des productions ind\u00e9pendantes et des films \u00e9tudiant\u00b7e\u00b7s en cin\u00e9ma seront en comp\u00e9tition. [&hellip;]<\/p>\n","protected":false},"author":14,"featured_media":0,"parent":5801,"menu_order":2,"comment_status":"closed","ping_status":"closed","template":"","meta":{"_acf_changed":false,"footnotes":""},"class_list":["post-5805","page","type-page","status-publish","hentry"],"acf":[],"yoast_head":"<!-- This site is optimized with the Yoast SEO plugin v27.5 - https:\/\/yoast.com\/product\/yoast-seo-wordpress\/ -->\n<title>Programmes de films - FR Schweizer Jugendfilmtage<\/title>\n<meta name=\"description\" content=\"Ici un aper\u00e7u de tous les programmes de films du Festival Cin\u00e9 Jeunesse : Comp\u00e9tition, Focus sur un pays, Talent Camp Screening, ...\" \/>\n<meta name=\"robots\" content=\"index, follow, max-snippet:-1, max-image-preview:large, max-video-preview:-1\" \/>\n<link rel=\"canonical\" href=\"https:\/\/jugendfilmtage.ch\/fr\/le-festival\/programmes-de-films\/\" \/>\n<meta property=\"og:locale\" content=\"fr_FR\" \/>\n<meta property=\"og:type\" content=\"article\" \/>\n<meta property=\"og:title\" content=\"Programmes de films - FR Schweizer Jugendfilmtage\" \/>\n<meta property=\"og:description\" content=\"Ici un aper\u00e7u de tous les programmes de films du Festival Cin\u00e9 Jeunesse : Comp\u00e9tition, Focus sur un pays, Talent Camp Screening, ...\" \/>\n<meta property=\"og:url\" content=\"https:\/\/jugendfilmtage.ch\/fr\/le-festival\/programmes-de-films\/\" \/>\n<meta property=\"og:site_name\" content=\"FR Schweizer Jugendfilmtage\" \/>\n<meta property=\"article:publisher\" content=\"https:\/\/www.facebook.com\/Jugendfilmtage\" \/>\n<meta property=\"article:modified_time\" content=\"2026-02-12T16:46:30+00:00\" \/>\n<meta property=\"og:image\" content=\"https:\/\/jugendfilmtage.ch\/wp-content\/uploads\/2024\/06\/DSC_0086-edited-scaled.jpg\" \/>\n\t<meta property=\"og:image:width\" content=\"2560\" \/>\n\t<meta property=\"og:image:height\" content=\"2558\" \/>\n\t<meta property=\"og:image:type\" content=\"image\/jpeg\" \/>\n<meta name=\"twitter:card\" content=\"summary_large_image\" \/>\n<meta name=\"twitter:site\" content=\"@jugendfilmtage\" \/>\n<meta name=\"twitter:label1\" content=\"Dur\u00e9e de lecture estim\u00e9e\" \/>\n\t<meta name=\"twitter:data1\" content=\"3 minutes\" \/>\n<script type=\"application\/ld+json\" class=\"yoast-schema-graph\">{\"@context\":\"https:\\\/\\\/schema.org\",\"@graph\":[{\"@type\":\"WebPage\",\"@id\":\"https:\\\/\\\/jugendfilmtage.ch\\\/fr\\\/le-festival\\\/programmes-de-films\\\/\",\"url\":\"https:\\\/\\\/jugendfilmtage.ch\\\/fr\\\/le-festival\\\/programmes-de-films\\\/\",\"name\":\"Programmes de films - FR Schweizer Jugendfilmtage\",\"isPartOf\":{\"@id\":\"https:\\\/\\\/jugendfilmtage.ch\\\/fr\\\/#website\"},\"primaryImageOfPage\":{\"@id\":\"https:\\\/\\\/jugendfilmtage.ch\\\/fr\\\/le-festival\\\/programmes-de-films\\\/#primaryimage\"},\"image\":{\"@id\":\"https:\\\/\\\/jugendfilmtage.ch\\\/fr\\\/le-festival\\\/programmes-de-films\\\/#primaryimage\"},\"thumbnailUrl\":\"https:\\\/\\\/jugendfilmtage.ch\\\/wp-content\\\/uploads\\\/2024\\\/06\\\/DSC_0086-edited-scaled.jpg\",\"datePublished\":\"2024-10-15T11:59:23+00:00\",\"dateModified\":\"2026-02-12T16:46:30+00:00\",\"description\":\"Ici un aper\u00e7u de tous les programmes de films du Festival Cin\u00e9 Jeunesse : Comp\u00e9tition, Focus sur un pays, Talent Camp Screening, ...\",\"breadcrumb\":{\"@id\":\"https:\\\/\\\/jugendfilmtage.ch\\\/fr\\\/le-festival\\\/programmes-de-films\\\/#breadcrumb\"},\"inLanguage\":\"fr-FR\",\"potentialAction\":[{\"@type\":\"ReadAction\",\"target\":[\"https:\\\/\\\/jugendfilmtage.ch\\\/fr\\\/le-festival\\\/programmes-de-films\\\/\"]}]},{\"@type\":\"ImageObject\",\"inLanguage\":\"fr-FR\",\"@id\":\"https:\\\/\\\/jugendfilmtage.ch\\\/fr\\\/le-festival\\\/programmes-de-films\\\/#primaryimage\",\"url\":\"https:\\\/\\\/jugendfilmtage.ch\\\/wp-content\\\/uploads\\\/2024\\\/06\\\/DSC_0086-edited-scaled.jpg\",\"contentUrl\":\"https:\\\/\\\/jugendfilmtage.ch\\\/wp-content\\\/uploads\\\/2024\\\/06\\\/DSC_0086-edited-scaled.jpg\"},{\"@type\":\"BreadcrumbList\",\"@id\":\"https:\\\/\\\/jugendfilmtage.ch\\\/fr\\\/le-festival\\\/programmes-de-films\\\/#breadcrumb\",\"itemListElement\":[{\"@type\":\"ListItem\",\"position\":1,\"name\":\"Le Festival\",\"item\":\"https:\\\/\\\/jugendfilmtage.ch\\\/fr\\\/le-festival\\\/\"},{\"@type\":\"ListItem\",\"position\":2,\"name\":\"Programmes de films\"}]},{\"@type\":\"WebSite\",\"@id\":\"https:\\\/\\\/jugendfilmtage.ch\\\/fr\\\/#website\",\"url\":\"https:\\\/\\\/jugendfilmtage.ch\\\/fr\\\/\",\"name\":\"FR Schweizer Jugendfilmtage\",\"description\":\"FR Festival Cin\u00e9 Jeunesse Suisse\",\"potentialAction\":[{\"@type\":\"SearchAction\",\"target\":{\"@type\":\"EntryPoint\",\"urlTemplate\":\"https:\\\/\\\/jugendfilmtage.ch\\\/fr\\\/?s={search_term_string}\"},\"query-input\":{\"@type\":\"PropertyValueSpecification\",\"valueRequired\":true,\"valueName\":\"search_term_string\"}}],\"inLanguage\":\"fr-FR\"}]}<\/script>\n<!-- \/ Yoast SEO plugin. -->","yoast_head_json":{"title":"Programmes de films - FR Schweizer Jugendfilmtage","description":"Ici un aper\u00e7u de tous les programmes de films du Festival Cin\u00e9 Jeunesse : Comp\u00e9tition, Focus sur un pays, Talent Camp Screening, ...","robots":{"index":"index","follow":"follow","max-snippet":"max-snippet:-1","max-image-preview":"max-image-preview:large","max-video-preview":"max-video-preview:-1"},"canonical":"https:\/\/jugendfilmtage.ch\/fr\/le-festival\/programmes-de-films\/","og_locale":"fr_FR","og_type":"article","og_title":"Programmes de films - FR Schweizer Jugendfilmtage","og_description":"Ici un aper\u00e7u de tous les programmes de films du Festival Cin\u00e9 Jeunesse : Comp\u00e9tition, Focus sur un pays, Talent Camp Screening, ...","og_url":"https:\/\/jugendfilmtage.ch\/fr\/le-festival\/programmes-de-films\/","og_site_name":"FR Schweizer Jugendfilmtage","article_publisher":"https:\/\/www.facebook.com\/Jugendfilmtage","article_modified_time":"2026-02-12T16:46:30+00:00","og_image":[{"width":2560,"height":2558,"url":"https:\/\/jugendfilmtage.ch\/wp-content\/uploads\/2024\/06\/DSC_0086-edited-scaled.jpg","type":"image\/jpeg"}],"twitter_card":"summary_large_image","twitter_site":"@jugendfilmtage","twitter_misc":{"Dur\u00e9e de lecture estim\u00e9e":"3 minutes"},"schema":{"@context":"https:\/\/schema.org","@graph":[{"@type":"WebPage","@id":"https:\/\/jugendfilmtage.ch\/fr\/le-festival\/programmes-de-films\/","url":"https:\/\/jugendfilmtage.ch\/fr\/le-festival\/programmes-de-films\/","name":"Programmes de films - FR Schweizer Jugendfilmtage","isPartOf":{"@id":"https:\/\/jugendfilmtage.ch\/fr\/#website"},"primaryImageOfPage":{"@id":"https:\/\/jugendfilmtage.ch\/fr\/le-festival\/programmes-de-films\/#primaryimage"},"image":{"@id":"https:\/\/jugendfilmtage.ch\/fr\/le-festival\/programmes-de-films\/#primaryimage"},"thumbnailUrl":"https:\/\/jugendfilmtage.ch\/wp-content\/uploads\/2024\/06\/DSC_0086-edited-scaled.jpg","datePublished":"2024-10-15T11:59:23+00:00","dateModified":"2026-02-12T16:46:30+00:00","description":"Ici un aper\u00e7u de tous les programmes de films du Festival Cin\u00e9 Jeunesse : Comp\u00e9tition, Focus sur un pays, Talent Camp Screening, ...","breadcrumb":{"@id":"https:\/\/jugendfilmtage.ch\/fr\/le-festival\/programmes-de-films\/#breadcrumb"},"inLanguage":"fr-FR","potentialAction":[{"@type":"ReadAction","target":["https:\/\/jugendfilmtage.ch\/fr\/le-festival\/programmes-de-films\/"]}]},{"@type":"ImageObject","inLanguage":"fr-FR","@id":"https:\/\/jugendfilmtage.ch\/fr\/le-festival\/programmes-de-films\/#primaryimage","url":"https:\/\/jugendfilmtage.ch\/wp-content\/uploads\/2024\/06\/DSC_0086-edited-scaled.jpg","contentUrl":"https:\/\/jugendfilmtage.ch\/wp-content\/uploads\/2024\/06\/DSC_0086-edited-scaled.jpg"},{"@type":"BreadcrumbList","@id":"https:\/\/jugendfilmtage.ch\/fr\/le-festival\/programmes-de-films\/#breadcrumb","itemListElement":[{"@type":"ListItem","position":1,"name":"Le Festival","item":"https:\/\/jugendfilmtage.ch\/fr\/le-festival\/"},{"@type":"ListItem","position":2,"name":"Programmes de films"}]},{"@type":"WebSite","@id":"https:\/\/jugendfilmtage.ch\/fr\/#website","url":"https:\/\/jugendfilmtage.ch\/fr\/","name":"FR Schweizer Jugendfilmtage","description":"FR Festival Cin\u00e9 Jeunesse Suisse","potentialAction":[{"@type":"SearchAction","target":{"@type":"EntryPoint","urlTemplate":"https:\/\/jugendfilmtage.ch\/fr\/?s={search_term_string}"},"query-input":{"@type":"PropertyValueSpecification","valueRequired":true,"valueName":"search_term_string"}}],"inLanguage":"fr-FR"}]}},"_links":{"self":[{"href":"https:\/\/jugendfilmtage.ch\/fr\/wp-json\/wp\/v2\/pages\/5805","targetHints":{"allow":["GET"]}}],"collection":[{"href":"https:\/\/jugendfilmtage.ch\/fr\/wp-json\/wp\/v2\/pages"}],"about":[{"href":"https:\/\/jugendfilmtage.ch\/fr\/wp-json\/wp\/v2\/types\/page"}],"author":[{"embeddable":true,"href":"https:\/\/jugendfilmtage.ch\/fr\/wp-json\/wp\/v2\/users\/14"}],"replies":[{"embeddable":true,"href":"https:\/\/jugendfilmtage.ch\/fr\/wp-json\/wp\/v2\/comments?post=5805"}],"version-history":[{"count":44,"href":"https:\/\/jugendfilmtage.ch\/fr\/wp-json\/wp\/v2\/pages\/5805\/revisions"}],"predecessor-version":[{"id":72332,"href":"https:\/\/jugendfilmtage.ch\/fr\/wp-json\/wp\/v2\/pages\/5805\/revisions\/72332"}],"up":[{"embeddable":true,"href":"https:\/\/jugendfilmtage.ch\/fr\/wp-json\/wp\/v2\/pages\/5801"}],"wp:attachment":[{"href":"https:\/\/jugendfilmtage.ch\/fr\/wp-json\/wp\/v2\/media?parent=5805"}],"curies":[{"name":"wp","href":"https:\/\/api.w.org\/{rel}","templated":true}]}}